{"id":227,"date":"2020-11-01T12:51:11","date_gmt":"2020-11-01T12:51:11","guid":{"rendered":"https:\/\/hahe.de\/?page_id=227"},"modified":"2020-11-01T12:51:11","modified_gmt":"2020-11-01T12:51:11","slug":"datenschutzerklaerung","status":"publish","type":"page","link":"https:\/\/hahe.de\/index.php\/datenschutzerklaerung\/","title":{"rendered":"Datenschutzerkl\u00e4rung"},"content":{"rendered":"<div id=\"pl-227\"  class=\"panel-layout\" ><div id=\"pg-227-0\"  class=\"panel-grid panel-no-style\" ><div id=\"pgc-227-0-0\"  class=\"panel-grid-cell\" ><div id=\"panel-227-0-0-0\" class=\"so-panel widget widget_sow-editor panel-first-child panel-last-child\" data-index=\"0\" ><div class=\"so-widget-sow-editor so-widget-sow-editor-base\">\n<div class=\"siteorigin-widget-tinymce textwidget\">\n\t<p><b>Datenschutz<\/b><\/p>\n<p><span style=\"font-weight: 400;\">Die Zahn\u00e4rztliche Gemeinschaftspraxis Hassanzadeh &amp; Dr. Heckmann, Saarlouis, im Folgenden: Gemeinschaftspraxis - misst dem Schutz von Nutzern ihres unter www.hahe.de abrufbaren Internetangebots einen hohen Stellenwert bei. Daher ist die Nutzung dieses Internetangebots in der Regel ohne die Angabe personenbezogener Daten m\u00f6glich. Sofern ein Nutzer \u2013 im Folgenden: betroffene Person \u2013 besondere Angebote Gemeinschaftspraxis in Anspruch nehmen m\u00f6chte, besteht unter Umst\u00e4nden ein Erfordernis, personenbezogene Daten zu verarbeiten. Eine solche Verarbeitung wird die Gemeinschaftspraxis nur dann vornehmen, wenn entweder eine gesetzliche Erlaubnis hierf\u00fcr vorhanden ist oder die betroffene Person aktiv in die Verarbeitung der ihr zuzuordnenden Daten eingewilligt hat.<\/span><span style=\"font-weight: 400;\"><br \/>\n<\/span><span style=\"font-weight: 400;\">Die Verarbeitung von personenbezogenen Daten wie z.B. Name, Anschrift, Kontaktinformationen wie etwa Telefonnummer oder E-Mail-Adresse, erfolgt unter Beachtung der sich aus den Bestimmungen der Verordnung (EU) 679\/2016 (Datenschutz-Grundverordnung), sowie den korrespondierenden nationalen Bestimmungen flie\u00dfenden Vorgaben zum Umgang mit solchen Informationen. Wir m\u00f6chten betroffene Personen mit dieser Erkl\u00e4rung \u00fcber die Art, den Umfang und den Zweck der im Rahmen der Nutzung unseres Internetangebots erhobenen und mitgeteilten personenbezogenen Daten informieren und \u00fcber die den betroffenen Personen zustehenden Rechte in Bezug auf diesen Umgang mit ihren Daten aufkl\u00e4ren.<\/span><span style=\"font-weight: 400;\"><br \/>\n<\/span><span style=\"font-weight: 400;\">Die Gemeinschaftspraxis hat als f\u00fcr die Verarbeitung der zuvor genannten Daten verantwortliche Ma\u00dfnahmen und Vorkehrungen getroffen, die eine Verarbeitung derselben ohne rechtliche Grundlage verhindern und die Informationen gegen eine unbefugte Kenntnisnahme absichern sollen. Wir m\u00fcssen jedoch gleichwohl darauf hinweisen, dass ein l\u00fcckenloser Schutz der \u00fcber das Internet \u00fcbertragenen Daten technisch nicht realisiert werden kann. Aufgrund dessen halten wir die M\u00f6glichkeit offen, uns auf anderen Kommunikationswegen wie z.B. per Post oder Telefon zu kontaktieren.<\/span><span style=\"font-weight: 400;\"><br \/>\n<\/span><span style=\"font-weight: 400;\">Um unsere Verarbeitungst\u00e4tigkeiten zu erl\u00e4utern, verwenden wir die auch in den einschl\u00e4gigen datenschutzrechtlichen Bestimmungen der Datenschutz-Grundverordnung gebrauchten Begriffe in dem Sinne, wie sie dort gebraucht werden. Wir m\u00f6chten hierdurch Missverst\u00e4ndnisse und Mehrdeutigkeiten vermeiden.<\/span><span style=\"font-weight: 400;\"><br \/>\n<\/span><span style=\"font-weight: 400;\">Verantwortlicher f\u00fcr die Verarbeitung der im Zuge der Nutzung des unter www.hahe.de abrufbaren Internetangebots erhobenen und mitgeteilten personenbezogenen Daten ist:<\/span><span style=\"font-weight: 400;\"><br \/>\n<\/span><span style=\"font-weight: 400;\"><br \/>\n<\/span><span style=\"font-weight: 400;\">Gemeinschaftspraxis<\/span><span style=\"font-weight: 400;\"><br \/>\n<\/span><span style=\"font-weight: 400;\">K. Hassanzadeh &amp; Dr. S. Heckmann<\/span><span style=\"font-weight: 400;\"><br \/>\n<\/span><span style=\"font-weight: 400;\">Hauptstra\u00dfe 199<\/span><span style=\"font-weight: 400;\"><br \/>\n<\/span><span style=\"font-weight: 400;\">66740 Saarlouis<\/span><span style=\"font-weight: 400;\"><br \/>\n<\/span><span style=\"font-weight: 400;\">Tel. 06831\/ 62339<\/span><span style=\"font-weight: 400;\"><\/span><\/p>\n<\/p>\n<p><span style=\"font-weight: 400;\"><br \/>\n<\/span><span style=\"font-weight: 400;\">Wir haben einen externen Datenschutzbeauftragten bestellt:<\/span><\/p>\n<p><span style=\"font-weight: 400;\">Stephan Ludwig<\/span><span style=\"font-weight: 400;\"><br \/>\n<\/span><span style=\"font-weight: 400;\">Kirchenstr. 9<\/span><span style=\"font-weight: 400;\"><br \/>\n<\/span><span style=\"font-weight: 400;\">66589 Merchweiler<\/span><span style=\"font-weight: 400;\"><br \/>\n<\/span><span style=\"font-weight: 400;\">E-Mail: datenschutz@ludwig-consulting.com<\/span><\/p>\n<p><span style=\"font-weight: 400;\">\u00a0<\/span><\/p>\n<p><span style=\"font-weight: 400;\">Jede betroffene Person hat das Recht, sich mit allen Fragen und Anregungen zum Datenschutz direkt an unseren externen Datenschutzbeauftragten zu wenden.<\/span><span style=\"font-weight: 400;\"><br \/>\n<\/span><span style=\"font-weight: 400;\">Das Internet-Angebot der Gemeinschaftspraxis verwendet Cookies. Cookies sind Textdateien, welche \u00fcber einen Internetbrowser auf einem Computersystem abgelegt und gespeichert werden.<\/span><span style=\"font-weight: 400;\"><br \/>\n<\/span><span style=\"font-weight: 400;\">Zahlreiche Internetseiten und Server verwenden Cookies. Viele Cookies enthalten eine sogenannte Cookie-ID. Eine Cookie-ID ist eine eindeutige Kennung des Cookies. Sie besteht aus einer Zeichenfolge, durch welche Internetseiten und Server dem konkreten Internetbrowser zugeordnet werden k\u00f6nnen, in dem das Cookie gespeichert wurde. Dies erm\u00f6glicht es den besuchten Internetseiten und Servern, den individuellen Browser der betroffenen Person von anderen Internetbrowsern, die andere Cookies enthalten, zu unterscheiden. Ein bestimmter Internetbrowser kann \u00fcber die eindeutige Cookie-ID wiedererkannt und identifiziert werden.<\/span><span style=\"font-weight: 400;\"><br \/>\n<\/span><span style=\"font-weight: 400;\">Durch den Einsatz von Cookies kann die Gemeinschaftspraxis den Nutzern dieser Internetseite nutzerfreundlichere Services bereitstellen, die ohne die Cookie-Setzung nicht m\u00f6glich w\u00e4ren.<\/span><span style=\"font-weight: 400;\"><br \/>\n<\/span><span style=\"font-weight: 400;\">Mittels eines Cookies k\u00f6nnen die Informationen und Angebote auf unserer Internetseite im Sinne des Benutzers optimiert werden. Cookies erm\u00f6glichen uns, wie bereits erw\u00e4hnt, die Benutzer unserer Internetseite wiederzuerkennen. Zweck dieser Wiedererkennung ist es, den Nutzern die Verwendung unserer Internetseite zu erleichtern. Der Benutzer einer Internetseite, die Cookies verwendet, muss beispielsweise nicht bei jedem Besuch der Internetseite erneut seine Zugangsdaten eingeben, weil dies von der Internetseite und dem auf dem Computersystem des Benutzers abgelegten Cookie \u00fcbernommen wird.<\/span><span style=\"font-weight: 400;\"><br \/>\n<\/span><span style=\"font-weight: 400;\">Die betroffene Person kann die Setzung von Cookies durch unsere Internetseite jederzeit mittels einer entsprechenden Einstellung des genutzten Internetbrowsers verhindern und damit der Setzung von Cookies dauerhaft widersprechen. Ferner k\u00f6nnen bereits gesetzte Cookies jederzeit \u00fcber einen Internetbrowser oder andere Softwareprogramme gel\u00f6scht werden. Dies ist in allen g\u00e4ngigen Internetbrowsern m\u00f6glich. Deaktiviert die betroffene Person die Setzung von Cookies in dem genutzten Internetbrowser, sind unter Umst\u00e4nden nicht alle Funktionen unserer Internetseite vollumf\u00e4nglich nutzbar.<\/span><span style=\"font-weight: 400;\"><br \/>\n<\/span><span style=\"font-weight: 400;\">Bei jedem Abruf von Inhalten unseres unter der oben genannten Internetadresse bereitgehaltenen Internetangebots durch eine betroffene Person werden aufgrund der \u00dcbertragungstechnik eine Reihe von allgemeinen Informationen und Daten erfasst. Diese Informationen und Daten werden in sog. Server-Log-Files gespeichert. Erfasst k\u00f6nnen werden:<\/span><span style=\"font-weight: 400;\"><br \/>\n<\/span><span style=\"font-weight: 400;\">1. der Typ des von der betroffenen Person verwendeten Internet-Browsers;<\/span><span style=\"font-weight: 400;\"><br \/>\n<\/span><span style=\"font-weight: 400;\">2. das auf dem Computer, von dem aus die betroffene Person den Zugriff vornimmt, installierte Betriebssystem;<\/span><span style=\"font-weight: 400;\"><br \/>\n<\/span><span style=\"font-weight: 400;\">3. die Internetseite, von der aus die betroffene Person den von ihr verwendeten Computer auf unser Angebot gesteuert hat (sog. \u201eReferrer-URL\u201c);<\/span><span style=\"font-weight: 400;\"><br \/>\n<\/span><span style=\"font-weight: 400;\">4. die Unterseiten, die die betroffene Person innerhalb unseres Internetangebots mit dem von ihr gesteuerten System aufruft;<\/span><span style=\"font-weight: 400;\"><br \/>\n<\/span><span style=\"font-weight: 400;\">5. das Datum und die Uhrzeit, zu der die betroffene Person einen Zugriff auf unser Internetangebot vorgenommen hat;<\/span><span style=\"font-weight: 400;\"><br \/>\n<\/span><span style=\"font-weight: 400;\">6. die Internet-Protokoll-Adresse (IP-Adresse), die dem Internetanschluss zugeteilt war, \u00fcber den die betroffene Person Inhalte unseres Internetangebots abgerufen hat;<\/span><span style=\"font-weight: 400;\"><br \/>\n<\/span><span style=\"font-weight: 400;\">7. der Internet-Service-Provider (ISP), der den Internetanschluss, \u00fcber den Inhalte unseres Internetangebots abgerufen wurden, bereitgestellt hat.<\/span><span style=\"font-weight: 400;\"><br \/>\n<\/span><span style=\"font-weight: 400;\">Aus diesen allgemeinen Informationen zieht die A.Rullof GmbH ohne weiteres keine R\u00fcckschl\u00fcsse auf die betroffene Person. Die genannten Informationen werden ben\u00f6tigt, um<\/span><span style=\"font-weight: 400;\"><br \/>\n<\/span><span style=\"font-weight: 400;\">1. die Inhalte unseres Internetangebots korrekt auszuliefern;<\/span><span style=\"font-weight: 400;\"><br \/>\n<\/span><span style=\"font-weight: 400;\">2. die Inhalte unseres Internetangebots sowie die Werbung f\u00fcr dieses zu optimieren;<\/span><span style=\"font-weight: 400;\"><br \/>\n<\/span><span style=\"font-weight: 400;\">3. die dauerhafte Funktionst\u00fcchtigkeit der von uns eingesetzten IT-Systeme und unseres Internetangebots zu gew\u00e4hrleisten sowie<\/span><span style=\"font-weight: 400;\"><br \/>\n<\/span><span style=\"font-weight: 400;\">4. Strafverfolgungsbeh\u00f6rden im Falle eines Cyberangriffs die zur Strafverfolgung erforderlichen Informationen bereitzustellen.<\/span><span style=\"font-weight: 400;\"><br \/>\n<\/span><span style=\"font-weight: 400;\">Zur Erreichung dieser Zwecke werden die oben genannten Informationen anonymisiert f\u00fcr die Gemeinschaftspraxis statistisch und dar\u00fcber hinaus mit dem Ziel ausgewertet, den Datenschutz und die Datensicherheit f\u00fcr die betroffenen Personen zu gew\u00e4hrleisten und in optimales Schutzniveau herzustellen. Soweit Server-Log-Files bis zum Abschluss der Auswertung zu den genannten Zwecken gespeichert bleiben, werden sie mit anderen Informationen, die die betroffene Person aktiv mitteilt, nicht zusammengef\u00fchrt, sondern getrennt von diesen gespeichert.<\/span><span style=\"font-weight: 400;\"><br \/>\n<\/span><span style=\"font-weight: 400;\">Die Gemeinschaftspraxis bietet Nutzern die M\u00f6glichkeit, einen Newsletter des Unternehmens zu abonnieren. Welche der betroffenen Person zuzuordnenden Daten bei der Bestellung des Newsletters an den f\u00fcr die Verarbeitung Verantwortlichen \u00fcbermittelt werden, ergibt sich aus der Eingabemaske.<\/span><span style=\"font-weight: 400;\"><br \/>\n<\/span><span style=\"font-weight: 400;\">Mittels des Newsletters informiert die Gemeinschaftspraxis die Abonnenten in regelm\u00e4\u00dfigen Abst\u00e4nden \u00fcber Angebote und Aktionen. Der Newsletter kann grunds\u00e4tzlich nur empfangen werden, wenn<\/span><span style=\"font-weight: 400;\"><br \/>\n<\/span><span style=\"font-weight: 400;\">1. die betroffene Person \u00fcber eine g\u00fcltige E-Mail-Adresse verf\u00fcgt und<\/span><span style=\"font-weight: 400;\"><br \/>\n<\/span><span style=\"font-weight: 400;\">2. die betroffene Person sich f\u00fcr den Erhalt des Newsletters registriert hat.<\/span><span style=\"font-weight: 400;\"><br \/>\n<\/span><span style=\"font-weight: 400;\">Meldet sich eine betroffene Person erstmalig zum Newsletter an, wird eine Best\u00e4tigungs-E-Mail an die erstmalig mitgeteilte E-Mail-Adresse versendet, um die Berechtigung des Eintragenden, \u00fcber das E-Mail-Postfach des Empf\u00e4ngers verf\u00fcgen zu d\u00fcrfen, nachzupr\u00fcfen. Bei der Anmeldung wird aus Gr\u00fcnden der Nachpr\u00fcfbarkeit und Nachverfolgbarkeit eines etwaigen Missbrauchs die von dem Internet-Service Provider im Zeitpunkt der Anmeldung an den Anschluss des Nutzers vergebene IP-Adresse und der Zeitpunkt (Datum und Uhrzeit) der Anmeldung gespeichert.<\/span><span style=\"font-weight: 400;\"><br \/>\n<\/span><span style=\"font-weight: 400;\">Die zum Zwecke des Newslettersbezuges erhobenen personenbezogenen Daten werden ausschlie\u00dflich zu diesem Zweck verwendet. Abonnenten k\u00f6nnten jedoch auch per E-Mail informiert werden, sofern dies aus Gr\u00fcnden des Betriebes des Newsletterdienstes, der Registrierung f\u00fcr den Erhalt des Newsletters oder bei inhaltlichen sowie technischen \u00c4nderungen am Newsletterangebot erforderlich sein k\u00f6nnte.<\/span><span style=\"font-weight: 400;\"><br \/>\n<\/span><span style=\"font-weight: 400;\">Die Einwilligung zur Verarbeitung personenbezogener Daten f\u00fcr den Newsletterbezug kann von der betroffenen Person jederzeit widerrufen und der Bezug des Newsletters beendet werden. Zum Zwecke der Abbestellung des Newsletters und des Widerrufs findet sich in jedem Newsletter ein entsprechender Link. Ferner besteht die M\u00f6glichkeit, sich auf jedem anderen durch den f\u00fcr die Verarbeitung Verantwortlichen er\u00f6ffneten Kommunikationsweg an diesen zu Wenden und die Einstellung des Bezuges sowie den Widerruf zu erkl\u00e4ren.<\/span><span style=\"font-weight: 400;\"><br \/>\n<\/span><span style=\"font-weight: 400;\">Die Newsletter der Gemeinschaftspraxis sind mit Z\u00e4hlpixeln versehen. Ein Z\u00e4hlpixel ist eine Miniaturgrafik, die in im Format HTML versendete E-Mails eingebettet wird, um eine Analyse der Reichweite des Newsletters zu erm\u00f6glichen. Dadurch wird es f\u00fcr den f\u00fcr die Datenverarbeitung Verantwortlichen m\u00f6glich, den Erfolg oder Misserfolg einer Ausgabe des Newsletters zu erkennen, indem sichtbar wird, ob die betroffene Person den Newsletter ge\u00f6ffnet hat oder nicht und welche in dem Newsletter enthaltenen Links von der betroffenen Person angeklickt wurden.<\/span><span style=\"font-weight: 400;\"><br \/>\n<\/span><span style=\"font-weight: 400;\">Die auf die vorbeschriebene Weise erlangten Daten speichert und verwendet die Gemeinschaftspraxis, um ihr Newsletterangebot zu optimieren und den Inhalt k\u00fcnftiger Ausgaben des Newsletters besser an die Interessen der Abonnenten anzupassen. Die betroffene Person hat das Recht, eine im Double-Opt-In-Verfahren erteilte Einwilligung jederzeit zu widerrufen. Nach einem solchen Widerruf werden s\u00e4mtliche der betroffenen Person zuzuordnen Daten gel\u00f6scht. Eine Abmeldung vom Newsletter-Abonnement deutet die Gemeinschaftspraxis als Widerruf.<\/span><span style=\"font-weight: 400;\"><br \/>\n<\/span><span style=\"font-weight: 400;\">\u00dcber das Internetangebot der Gemeinschaftspraxis sind aufgrund gesetzlicher Pflichten Informationen verf\u00fcgbar, die eine schnelle elektronische Kontaktaufnahme sowie eine unmittelbare Kommunikation mit uns erm\u00f6glichen. Ferner erlaubt ein Kontaktformular eine Kontaktaufnahme. Seine Nutzung ist indes nicht verpflichtend. Sofern eine betroffene Person \u00fcber einen dieser Wege mit uns Kontakt aufnimmt, werden die von der betroffenen Person \u00fcbermittelten personenbezogenen Daten zum Zwecke der Bearbeitung des Anliegens, das den Anlass der Kontaktaufnahme bildet, verarbeitet und gespeichert.<\/span><span style=\"font-weight: 400;\"><br \/>\n<\/span><span style=\"font-weight: 400;\">Die Gemeinschaftspraxis verarbeitet und speichert personenbezogene Daten nur \u00fcber denjenigen Zeitraum, der zur Erreichung des Verarbeitungszwecks ben\u00f6tigt wird und innerhalb dessen eine Pflicht zur Aufbewahrung der Daten aufgrund einer gesetzlichen Bestimmung, an die die Gemeinschaftspraxis gebunden ist, angeordnet ist. Sobald der Speicherzweck entf\u00e4llt oder die Aufbewahrungsfrist abgelaufen ist, werden die personenbezogenen Daten routinem\u00e4\u00dfig und entsprechend den gesetzlichen Anforderungen gel\u00f6scht bzw. eine weitere Verarbeitung der betreffenden Daten eingeschr\u00e4nkt.<\/span><span style=\"font-weight: 400;\"><br \/>\n<\/span><span style=\"font-weight: 400;\">Betroffene Personen k\u00f6nnen sich mit ihren Anliegen den Umgang mit ihren personenbezogenen Daten betreffend an den f\u00fcr die Datenverarbeitung Verantwortlichen wenden und folgende Rechte geltend machen:<\/span><span style=\"font-weight: 400;\"><br \/>\n<\/span><span style=\"font-weight: 400;\">1. das Recht, von dem f\u00fcr die Datenverarbeitung Verantwortlichen eine Best\u00e4tigung dar\u00fcber zu verlangen, ob der betroffenen Person zuzuordnende Daten durch den Verantwortlichen verarbeitet werden;<\/span><span style=\"font-weight: 400;\"><br \/>\n<\/span><span style=\"font-weight: 400;\">2. das Recht, von dem f\u00fcr die Datenverarbeitung Verantwortlichen unentgeltlich Auskunft dar\u00fcber zu erhalten, welche personenbezogenen Daten der betroffenen Person durch den Verantwortlichen verarbeitet werden sowie eine Kopie dieser Auskunft zu erhalten; Folgende Informationen sind der betroffenen Person insbesondere einger\u00e4umt:<\/span><span style=\"font-weight: 400;\"><br \/>\n<\/span><span style=\"font-weight: 400;\">a. die Information \u00fcber die Verarbeitungszwecke;<\/span><span style=\"font-weight: 400;\"><br \/>\n<\/span><span style=\"font-weight: 400;\">b. die Information \u00fcber die Kategorien personenbezogener Daten, die verarbeitet werden;<\/span><span style=\"font-weight: 400;\"><br \/>\n<\/span><span style=\"font-weight: 400;\">c. die Information \u00fcber Empf\u00e4nger oder Kategorien von Empf\u00e4ngern, gegen\u00fcber denen personenbezogene Daten offengelegt worden sind oder noch offengelegt werden, insbesondere solche Empf\u00e4nger in so genannten Drittstaaten sowie bei internationalen Organisationen und in diesen F\u00e4llen auf besondere Anforderung auch die Information \u00fcber das Bestehen geeigneter Garantien f\u00fcr den Datenschutz.<\/span><span style=\"font-weight: 400;\"><br \/>\n<\/span><span style=\"font-weight: 400;\">d. soweit m\u00f6glich die Information \u00fcber die geplante Dauer der Speicherung personenbezogener Daten oder die Kriterien f\u00fcr die Festlegung der Speicherdauer;<\/span><span style=\"font-weight: 400;\"><br \/>\n<\/span><span style=\"font-weight: 400;\">e. die Information \u00fcber das Bestehen eines Rechts auf Berichtigung oder L\u00f6schung der personenbezogenen Daten der betroffenen Person und das Bestehen eines Rechts auf Einschr\u00e4nkung der Verarbeitung personenbezogener Daten;<\/span><span style=\"font-weight: 400;\"><br \/>\n<\/span><span style=\"font-weight: 400;\">f. die Information \u00fcber das Bestehen eines Widerrufsrechts betreffend die Verarbeitung personenbezogener Daten der betroffenen Person durch den f\u00fcr die Datenverarbeitung Verantwortlichen;<\/span><span style=\"font-weight: 400;\"><br \/>\n<\/span><span style=\"font-weight: 400;\">g. die Information \u00fcber das Bestehen eines Beschwerderechts bei einer Aufsichtsbeh\u00f6rde;<\/span><span style=\"font-weight: 400;\"><br \/>\n<\/span><span style=\"font-weight: 400;\">h. die Information \u00fcber das Bestehen einer automatisierten Entscheidungsfindung einschlie\u00dflich des Profiling gem. Art. 22 Abs. 1 und 4 der Datenschutz-Grundverordnung und \u2013 soweit eine solche automatisierte Entscheidungsfindung vorgesehen ist \u2013 aussagekr\u00e4ftige Informationen \u00fcber die Logik sowie die Tragweite und die angestrebten Auswirkungen dieser Verarbeitung f\u00fcr die betroffene Person;<\/span><span style=\"font-weight: 400;\"><br \/>\n<\/span><span style=\"font-weight: 400;\">3. das Recht, von dem f\u00fcr die Datenverarbeitung Verantwortlichen die Berichtigung von die betroffene Person tangierenden, jedoch unrichtigen Daten zu verlangen; das schlie\u00dft das Recht mit ein, unter Ber\u00fccksichtigung der Verarbeitungszwecke die Vervollst\u00e4ndigung etwa unvollst\u00e4ndiger personenbezogener Daten \u2013 ggf. mittels einer erg\u00e4nzenden Erkl\u00e4rung \u2013 zu verlangen;<\/span><span style=\"font-weight: 400;\"><br \/>\n<\/span><span style=\"font-weight: 400;\">4. das Recht unter den nachfolgend aufgef\u00fchrten Bedingungen von dem f\u00fcr die Datenverarbeitung Verantwortlichen die L\u00f6schung von personenbezogenen Daten der betroffenen Person zu verlangen, wenn<\/span><span style=\"font-weight: 400;\"><br \/>\n<\/span><span style=\"font-weight: 400;\">a. die Daten f\u00fcr Zwecke erhoben und verarbeitet werden, f\u00fcr die sie nicht (mehr) erforderlich sind;<\/span><span style=\"font-weight: 400;\"><br \/>\n<\/span><span style=\"font-weight: 400;\">b. eine erteilte Einwilligung in die Verarbeitung personenbezogener Daten durch die betroffene Person widerrufen hat oder eine andere Rechtsgrundlage nicht (mehr) besteht;<\/span><span style=\"font-weight: 400;\"><br \/>\n<\/span><span style=\"font-weight: 400;\">c. ein Widerspruch gegen die Verarbeitung personenbezogener Daten durch die betroffene Person eingelegt wurde und keine vorrangigen Gr\u00fcnde f\u00fcr die Verarbeitung bestehen;<\/span><span style=\"font-weight: 400;\"><br \/>\n<\/span><span style=\"font-weight: 400;\">d. die personenbezogenen Daten der betroffenen Person unrechtm\u00e4\u00dfig verarbeitet wurden;<\/span><span style=\"font-weight: 400;\"><br \/>\n<\/span><span style=\"font-weight: 400;\">e. eine rechtliche Verpflichtung des f\u00fcr die Datenverarbeitung Verantwortlichen f\u00fcr die L\u00f6schung der betreffenden personenbezogenen Daten der betroffenen Person besteht.<\/span><span style=\"font-weight: 400;\"><br \/>\n<\/span><span style=\"font-weight: 400;\">Sofern die personenbezogenen Daten durch die Gemeinschaftspraxis \u00f6ffentlich gemacht wurden und wir als Verantwortlicher zur L\u00f6schung der personenbezogenen Daten gem. Art. 17 Abs. 1 der Datenschutz-Grundverordnung verpflichtet sind, treffen wir unter Ber\u00fccksichtigung der verf\u00fcgbaren Technologie und der Implementierungskosten angemessene Ma\u00dfnahmen, um andere f\u00fcr die Datenverarbeitung Verantwortliche, die die ver\u00f6ffentlichten Daten verarbeiten, dar\u00fcber in Kenntnis zu setzen, dass die betroffene Person von diesen anderen f\u00fcr die Datenverarbeitung Verantwortlichen die L\u00f6schung s\u00e4mtlicher Links zu diesen Daten oder von Kopien oder sonstigen Replikationen dieser personenbezogenen Daten verlangt hat, soweit die Verarbeitung nicht erforderlich ist.<\/span><span style=\"font-weight: 400;\"><br \/>\n<\/span><span style=\"font-weight: 400;\">5. das Recht, von dem f\u00fcr die Datenverarbeitung Verantwortlichen die Einschr\u00e4nkung der Verarbeitung zu verlangen, wenn eine der nachfolgend aufgef\u00fchrten Bedingungen erf\u00fcllt ist:<\/span><span style=\"font-weight: 400;\"><br \/>\n<\/span><span style=\"font-weight: 400;\">a. die Richtigkeit der personenbezogenen Daten wird von der betroffenen Person bestritten, und zwar f\u00fcr die Dauer, die es dem Verantwortlichen erm\u00f6glicht, die behauptete Unrichtigkeit zu \u00fcberpr\u00fcfen;<\/span><span style=\"font-weight: 400;\"><br \/>\n<\/span><span style=\"font-weight: 400;\">b. die Verarbeitung ist unrechtm\u00e4\u00dfig, die betroffene Person lehnt die L\u00f6schung der personenbezogenen Daten ab und verlangt stattdessen die Einschr\u00e4nkung der Nutzung der personenbezogenen Daten;<\/span><span style=\"font-weight: 400;\"><br \/>\n<\/span><span style=\"font-weight: 400;\">c. der f\u00fcr die Datenverarbeitung Verantwortliche ben\u00f6tigt die personenbezogenen Daten der betroffenen Person nicht l\u00e4nger, jedoch ben\u00f6tigt die betroffene Person die betreffenden Daten noch zur Geltendmachung, Aus\u00fcbung oder Verteidigung von Anspr\u00fcchen;<\/span><span style=\"font-weight: 400;\"><br \/>\n<\/span><span style=\"font-weight: 400;\">d. die betroffene Person hat Widerspruch gegen die Verarbeitung gem. Art. 21 Abs. 1 der Datenschutz-Grundverordnung eingelegt und es steht noch nicht fest, ob die berechtigten Interessen des f\u00fcr die Datenverarbeitung Verantwortlichen diejenigen der betroffenen Person \u00fcberwiegen.<\/span><span style=\"font-weight: 400;\"><br \/>\n<\/span><span style=\"font-weight: 400;\">6. das Recht, von dem f\u00fcr die Datenverarbeitung Verantwortlichen zu verlangen, der betroffenen Person zuzuordnende personenbezogene Daten, die diesem von dieser bereitgestellt wurden, in einem strukturierten, g\u00e4ngigen und maschinenlesbaren Format zu erhalten. Die betroffene Person hat zudem das Recht, die sie betreffenden personenbezogenen Daten einem anderen f\u00fcr eine Datenverarbeitung Verantwortlichen ohne Behinderung durch die Gemeinschaftspraxis zu \u00fcbermitteln, sofern die Verarbeitung auf einer Einwilligung i.S. von Art. 6 Abs. 1 Buchst. a) bzw. Art. 9 Abs. 2 Buchst. a) der Datenschutz-Grundverordnung beruht oder im Zusammenhang mit einem Vertrag i.S. Art. 6 Abs. 1 Buchst. b) der Datenschutz-Grundverordnung steht und die Verarbeitung der betreffenden Daten mithilfe automatisierter Verfahren erfolgt, jedoch nur, wenn die Verarbeitung nicht f\u00fcr die Wahrnehmung einer Aufgabe erfolgt, die im \u00f6ffentlichen Interesse liegt oder in Aus\u00fcbung \u00f6ffentlicher Gewalt erfolgt, die dem f\u00fcr die Datenverarbeitung Verantwortlichen \u00fcbertragen wurde.<\/span><span style=\"font-weight: 400;\"><br \/>\n<\/span><span style=\"font-weight: 400;\">Die betroffene Person kann von dem f\u00fcr die Datenverarbeitung Verantwortlichen in diesem Zusammenhang verlangen, dass die personenbezogenen Daten, die ihr zuzuordnen sind, direkt von dem f\u00fcr die Datenverarbeitung Verantwortlichen an den anderen Verantwortlichen \u00fcbermittelt werden, soweit hierzu die technischen Voraussetzungen gegeben sind und hierdurch nicht Rechte und Freiheiten anderer Personen beeintr\u00e4chtigt werden.<\/span><span style=\"font-weight: 400;\"><br \/>\n<\/span><span style=\"font-weight: 400;\">7. das Recht, von dem f\u00fcr die Datenverarbeitung Verantwortlichen aufgrund der besonderen pers\u00f6nlichen Situation, in der sich die betroffene Person befindet, jederzeit gegen die Verarbeitung der sie betreffenden personenbezogenen Daten, die auf der Grundlage der Regelung in Art. 6 Abs. 1 Buchst. e) der Datenschutz-Grundverordnung erfolgt, Widerspruch einzulegen. Dies schlie\u00dft einen Widerspruch gegen ein m\u00f6gliches Profiling mit ein.<\/span><span style=\"font-weight: 400;\"><br \/>\n<\/span><span style=\"font-weight: 400;\">Die Gemeinschaftspraxis verarbeitet nach einem Widerspruch die betreffenden personenbezogenen Daten nicht mehr, es sei denn es k\u00f6nnen zwingende schutzw\u00fcrdige Interessen f\u00fcr die Verarbeitung nachgewiesen werden, die den Interessen, Rechten und Freiheiten der betroffenen Person \u00fcberwiegen oder die Verarbeitung dient der Geltendmachung, Aus\u00fcbung oder Verteidigung von Anspr\u00fcchen.<\/span><span style=\"font-weight: 400;\"><br \/>\n<\/span><span style=\"font-weight: 400;\">Soweit personenbezogene Daten zum Zwecke der Direktwerbung verarbeitet werden, hat die betroffene Person das Recht, jederzeit dieser Form der Verarbeitung zu widersprechen. Dies umfasst auch ein Profiling, das mit dieser Direktwerbung in Verbindung steht. Macht die betroffene Person von dem Widerspruchsrecht Gebrauch, wird die Gemeinschaftspraxis die dieser betroffenen Person zuzuordnenden personenbezogenen Daten f\u00fcr diese Zwecke nicht l\u00e4nger verarbeiten.<\/span><span style=\"font-weight: 400;\"><br \/>\n<\/span><span style=\"font-weight: 400;\">Dar\u00fcber hinaus hat die betroffene Person das Recht, aufgrund ihrer besonderen pers\u00f6nlichen Situation, einer Verarbeitung ihr zuzuordnender personenbezogener Daten zu Zwecken der wissenschaftlichen oder historischen Forschung i.S. Art. 89 Abs. 1 der Datenschutz-Grundverordnung verarbeitet werden, zu widersprechen. Eine weitere Verarbeitung der betreffenden personenbezogenen Daten wird nicht mehr erfolgen, es sei denn, eine solche ist zur Erf\u00fcllung einer im \u00f6ffentlichen Interesse liegenden Aufgabe erforderlich.<\/span><span style=\"font-weight: 400;\"><br \/>\n<\/span><span style=\"font-weight: 400;\">8. das Recht, durch den f\u00fcr die Datenverarbeitung Verantwortlichen nicht einer ausschlie\u00dflich auf einer automatisierten Verarbeitung \u2013 einschlie\u00dflich eines Profiling \u2013 beruhenden Entscheidung unterworfen zu werden, die gegen\u00fcber der betroffenen Person eine rechtliche Wirkung entfaltet oder sie in \u00e4hnlicher Weise erheblich beeintr\u00e4chtigt, sondern die Entscheidung<\/span><span style=\"font-weight: 400;\"><br \/>\n<\/span><span style=\"font-weight: 400;\">a. nicht f\u00fcr den Abschluss oder die Erf\u00fcllung eines Vertrages zwischen der betroffenen Person und dem f\u00fcr die Datenverarbeitung Verantwortlichen erforderlich ist, oder<\/span><span style=\"font-weight: 400;\"><br \/>\n<\/span><span style=\"font-weight: 400;\">b. aufgrund von Rechtsvorschriften der Europ\u00e4ischen Union oder eines Mitgliedstaates, denen der f\u00fcr die Datenverarbeitung Verantwortliche unterliegt, zul\u00e4ssig ist und diese Rechtsvorschriften angemessene Ma\u00dfnahmen zur Wahrung der Rechte und Freiheiten sowie der berechtigten Interessen der betroffenen Person vorgeben, oder<\/span><span style=\"font-weight: 400;\"><br \/>\n<\/span><span style=\"font-weight: 400;\">c. mit ausdr\u00fccklicher Einwilligung der betroffenen Person erfolgt.<\/span><span style=\"font-weight: 400;\"><br \/>\n<\/span><span style=\"font-weight: 400;\">Die Gemeinschaftspraxis wird f\u00fcr die F\u00e4lle, in denen die betreffende Verarbeitung personenbezogener Daten f\u00fcr den Abschluss oder die Erf\u00fcllung eines Vertrages zwischen ihr und der betroffenen Person erforderlich ist oder auf der Grundlage einer Einwilligung der betroffenen Person erfolgt, angemessene Ma\u00dfnahmen ergreifen, die eine Wahrung der Rechte und Freiheiten sowie der berechtigten Interessen der betroffenen Person sicherstellen k\u00f6nnen. Hierzu geh\u00f6rt mindestens das Recht auf ein Einwirken auf den Entscheidungsvorgang durch eine Person seitens des f\u00fcr die Datenverarbeitung Verantwortlichen sowie die Erm\u00f6glichung der Darlegung des eigenen Standpunkts der betroffenen Person gegen\u00fcber dem f\u00fcr die Datenverarbeitung Verantwortlichen.<\/span><span style=\"font-weight: 400;\"><br \/>\n<\/span><span style=\"font-weight: 400;\">9. das Recht, gegen\u00fcber dem f\u00fcr die Datenverarbeitung Verantwortlichen eine fr\u00fcher erteilte datenschutzrechtliche Einwilligung in die Verarbeitung der betroffenen Person zuzuordnender personenbezogener Daten jederzeit zu widerrufen.<\/span><span style=\"font-weight: 400;\"><br \/>\n<\/span><span style=\"font-weight: 400;\">Auf dieser Website werden Anfahrtspl\u00e4ne mittels des von dem Betreiber des Dienstes Google Maps bereitgestellten Interface eingebunden. Betreiber des Dienstes \"Google Maps\" ist Google LLC, 1600 Amphitheatre Parkway, Mountain View, CA 94043, USA.<\/span><span style=\"font-weight: 400;\"><br \/>\n<\/span><span style=\"font-weight: 400;\">Zur Nutzung der Funktionen des Dienstes \"Google Maps\" ist es erforderlich, die IP-Adresse des von der betroffenen Person verwendeten Internet-Anschlusses an Google zu \u00fcbertragen, da anderenfalls die eingebundenen Anfahrtspl\u00e4ne nicht ausgeliefert werden k\u00f6nnen. Das Einbinden der Anfahrtspl\u00e4ne erfolgt zur ansprechenden Darstellung des Online- und Offline-Angebots sowie der leichten Auffindbarkeit der unserer Gesch\u00e4ftsr\u00e4ume. Es liegt folglich im berechtigten Interesse des Diensteanbieters i.S. von Art. 6 Abs. 1 Buchst. f) DS-GVO. N\u00e4here Informationen zum Umgang mit personenbezogenen Daten durch Google sowie Ihren diesem Anbieter gegen\u00fcber geltend zu machenden Rechten als betroffene Person erhalten Sie unter https:\/\/policies.google.com\/privacy?hl=de.<\/span><span style=\"font-weight: 400;\"><br \/>\n<\/span><span style=\"font-weight: 400;\">Die Gemeinschaftspraxis hat in ihr hier vorgehaltenes Internet-Angebot den Dienst \u201eGoogle Analytics\u201c mit der Anonymisierungsfunktion \u201eAnonymize IP\u201c integriert. Die Funktion von Google Analytics setzt voraus, dass javascript auf dem verwendeten Computersystem aktiviert ist.<\/span><span style=\"font-weight: 400;\"><br \/>\n<\/span><span style=\"font-weight: 400;\">Google Analytics ist ein Web-Analyse-Dienst. Web-Analyse ist die Erhebung, Sammlung und Auswertung von Daten \u00fcber das Verhalten von Besuchern von Internetseiten. Ein Web-Analyse-Dienst erfasst unter anderem Daten dar\u00fcber, von welcher Internetseite eine betroffene Person auf eine Internetseite gekommen ist (sogenannte Referrer), auf welche Unterseiten der Internetseite zugegriffen oder wie oft und f\u00fcr welche Verweildauer eine Unterseite betrachtet wurde. Eine Web-Analyse wird \u00fcberwiegend zur Optimierung einer Internetseite und zur Kosten-Nutzen-Analyse von Internetwerbung eingesetzt.<\/span><span style=\"font-weight: 400;\"><br \/>\n<\/span><span style=\"font-weight: 400;\">Betreibergesellschaft der Google-Analytics-Komponente ist die Google Inc., 1600 Amphitheatre Pkwy, Mountain View, CA 94043-1351, USA.<\/span><span style=\"font-weight: 400;\"><br \/>\n<\/span><span style=\"font-weight: 400;\">Der f\u00fcr die Verarbeitung Verantwortliche verwendet f\u00fcr die Web-Analyse \u00fcber Google Analytics den Zusatz \"_gat._anonymizeIp\". Mittels dieses Zusatzes wird die IP-Adresse des Internetanschlusses der betroffenen Person von Google gek\u00fcrzt und anonymisiert, wenn der Zugriff auf unsere Internetseiten aus einem Mitgliedstaat der Europ\u00e4ischen Union oder aus einem anderen Vertragsstaat des Abkommens \u00fcber den Europ\u00e4ischen Wirtschaftsraum erfolgt.<\/span><span style=\"font-weight: 400;\"><br \/>\n<\/span><span style=\"font-weight: 400;\">Der Zweck der Google-Analytics-Komponente ist die Analyse der Besucherstr\u00f6me auf unserer Internetseite. Google nutzt die gewonnenen Daten und Informationen unter anderem dazu, die Nutzung unserer Internetseite auszuwerten, um f\u00fcr uns Online-Reports, welche die Aktivit\u00e4ten auf unseren Internetseiten aufzeigen, zusammenzustellen, und um weitere mit der Nutzung unserer Internetseite in Verbindung stehende Dienstleistungen zu erbringen.<\/span><span style=\"font-weight: 400;\"><br \/>\n<\/span><span style=\"font-weight: 400;\">Google Analytics setzt ein Cookie auf dem informationstechnologischen System der betroffenen Person. Was Cookies sind, wurde oben bereits erl\u00e4utert. Mit Setzung des Cookies wird Google eine Analyse der Benutzung unserer Internetseite erm\u00f6glicht. Durch jeden Aufruf einer der Einzelseiten dieser Internetseite, die durch den f\u00fcr die Verarbeitung Verantwortlichen betrieben wird und auf welcher eine Google-Analytics-Komponente integriert wurde, wird der Internetbrowser auf dem informationstechnologischen System der betroffenen Person automatisch durch die jeweilige Google-Analytics-Komponente veranlasst, Daten zum Zwecke der Online-Analyse an Google zu \u00fcbermitteln. Im Rahmen dieses technischen Verfahrens erh\u00e4lt Google Kenntnis \u00fcber personenbezogene Daten, wie der IP-Adresse der betroffenen Person, die Google unter anderem dazu dienen, die Herkunft der Besucher und Klicks nachzuvollziehen und in der Folge Provisionsabrechnungen zu erm\u00f6glichen.<\/span><span style=\"font-weight: 400;\"><br \/>\n<\/span><span style=\"font-weight: 400;\">Mittels des Cookies werden personenbezogene Informationen, beispielsweise die Zugriffszeit, der Ort, von welchem ein Zugriff ausging und die H\u00e4ufigkeit der Besuche unserer Internetseite durch die betroffene Person, gespeichert. Bei jedem Besuch unserer Internetseiten werden diese personenbezogenen Daten, einschlie\u00dflich der IP-Adresse des von der betroffenen Person genutzten Internetanschlusses, an Google in den Vereinigten Staaten von Amerika \u00fcbertragen. Diese personenbezogenen Daten werden durch Google in den Vereinigten Staaten von Amerika gespeichert. Google gibt diese \u00fcber das technische Verfahren erhobenen personenbezogenen Daten unter Umst\u00e4nden an Dritte weiter.<\/span><span style=\"font-weight: 400;\"><br \/>\n<\/span><span style=\"font-weight: 400;\">Die betroffene Person kann die Setzung von Cookies durch unsere Internetseite, wie oben bereits dargestellt, jederzeit mittels einer entsprechenden Einstellung des genutzten Internetbrowsers verhindern und damit der Setzung von Cookies dauerhaft widersprechen. Eine solche Einstellung des genutzten Internetbrowsers w\u00fcrde auch verhindern, dass Google ein Cookie auf dem informationstechnologischen System der betroffenen Person setzt. Zudem kann ein von Google Analytics bereits gesetzter Cookie jederzeit \u00fcber den Internetbrowser oder andere Softwareprogramme gel\u00f6scht werden.<\/span><span style=\"font-weight: 400;\"><br \/>\n<\/span><span style=\"font-weight: 400;\">Ferner besteht f\u00fcr die betroffene Person die M\u00f6glichkeit, einer Erfassung der durch Google Analytics erzeugten, auf eine Nutzung dieser Internetseite bezogenen Daten sowie der Verarbeitung dieser Daten durch Google zu widersprechen und eine solche zu verhindern. Hierzu muss die betroffene Person ein Browser-Add-On unter dem Link https:\/\/tools.google.com\/dlpage\/gaoptout herunterladen und installieren. Dieses Browser-Add-On teilt Google Analytics \u00fcber javascript mit, dass keine Daten und Informationen zu den Besuchen von Internetseiten an Google Analytics \u00fcbermittelt werden d\u00fcrfen. Die Installation des Browser-Add-Ons wird von Google als Widerspruch gewertet. Wird das informationstechnologische System der betroffenen Person zu einem sp\u00e4teren Zeitpunkt gel\u00f6scht, formatiert oder neu installiert, muss durch die betroffene Person eine erneute Installation des Browser-Add-Ons erfolgen, um Google Analytics zu deaktivieren. Sofern das Browser-Add-On durch die betroffene Person oder einer anderen Person, die ihrem Machtbereich zuzurechnen ist, deinstalliert oder deaktiviert wird, besteht die M\u00f6glichkeit der Neuinstallation oder der erneuten Aktivierung des Browser-Add-Ons.<\/span><span style=\"font-weight: 400;\"><br \/>\n<\/span><span style=\"font-weight: 400;\">Weitere Informationen und die geltenden Datenschutzbestimmungen von Google k\u00f6nnen unter https:\/\/www.google.de\/intl\/de\/policies\/privacy\/ und unter http:\/\/www.google.com\/analytics\/terms\/de.html abgerufen werden.<\/span><span style=\"font-weight: 400;\"><br \/>\n<\/span><span style=\"font-weight: 400;\">Der f\u00fcr die Verarbeitung Verantwortliche hat auf dieser Internetseite Google AdWords integriert. Google AdWords ist ein Dienst zur Internetwerbung, der es Werbetreibenden gestattet, sowohl Anzeigen in den Suchmaschinenergebnissen von Google als auch im Google-Werbenetzwerk zu schalten. Google AdWords erm\u00f6glicht es einem Werbetreibenden, vorab bestimmte Schl\u00fcsselw\u00f6rter festzulegen, mittels derer eine Anzeige in den Suchmaschinenergebnissen von Google ausschlie\u00dflich dann angezeigt wird, wenn der Nutzer mit der Suchmaschine ein schl\u00fcsselwortrelevantes Suchergebnis abruft. Im Google-Werbenetzwerk werden die Anzeigen mittels eines automatischen Algorithmus und unter Beachtung der zuvor festgelegten Schl\u00fcsselw\u00f6rter auf themenrelevanten Internetseiten verteilt.<\/span><span style=\"font-weight: 400;\"><br \/>\n<\/span><span style=\"font-weight: 400;\">Betreibergesellschaft der Dienste von Google AdWords ist die Google Inc., 1600 Amphitheatre Pkwy, Mountain View, CA 94043-1351, USA.<\/span><span style=\"font-weight: 400;\"><br \/>\n<\/span><span style=\"font-weight: 400;\">Der Zweck von Google AdWords ist die Bewerbung unserer Internetseite durch die Einblendung von interessenrelevanter Werbung auf den Internetseiten von Drittunternehmen und in den Suchmaschinenergebnissen der Suchmaschine Google und eine Einblendung von Fremdwerbung auf unserer Internetseite.<\/span><span style=\"font-weight: 400;\"><br \/>\n<\/span><span style=\"font-weight: 400;\">Gelangt eine betroffene Person \u00fcber eine Google-Anzeige auf unsere Internetseite, wird auf dem informationstechnologischen System der betroffenen Person durch Google ein sogenannter Conversion-Cookie abgelegt. Was Cookies sind, wurde oben bereits erl\u00e4utert. Ein Conversion-Cookie verliert nach drei\u00dfig Tagen seine G\u00fcltigkeit und dient nicht zur Identifikation der betroffenen Person. \u00dcber den Conversion-Cookie wird, sofern das Cookie noch nicht abgelaufen ist, nachvollzogen, ob bestimmte Unterseiten, beispielsweise der Warenkorb von einem Online-Shop-System, auf unserer Internetseite aufgerufen wurden. Durch den Conversion-Cookie k\u00f6nnen sowohl wir als auch Google nachvollziehen, ob eine betroffene Person, die \u00fcber eine AdWords-Anzeige auf unsere Internetseite gelangt ist, einen Umsatz generierte, also einen Warenkauf vollzogen oder abgebrochen hat.<\/span><span style=\"font-weight: 400;\"><br \/>\n<\/span><span style=\"font-weight: 400;\">Die durch die Nutzung des Conversion-Cookies erhobenen Daten und Informationen werden von Google verwendet, um Besuchsstatistiken f\u00fcr unsere Internetseite zu erstellen. Diese Besuchsstatistiken werden durch uns wiederum genutzt, um die Gesamtanzahl der Nutzer zu ermitteln, welche \u00fcber AdWords-Anzeigen an uns vermittelt wurden, also um den Erfolg oder Misserfolg der jeweiligen AdWords-Anzeige zu ermitteln und um unsere AdWords-Anzeigen f\u00fcr die Zukunft zu optimieren. Weder unser Unternehmen noch andere Werbekunden von Google-AdWords erhalten Informationen von Google, mittels derer die betroffene Person identifiziert werden k\u00f6nnte.<\/span><span style=\"font-weight: 400;\"><br \/>\n<\/span><span style=\"font-weight: 400;\">Mittels des Conversion-Cookies werden personenbezogene Informationen, beispielsweise die durch die betroffene Person besuchten Internetseiten, gespeichert. Bei jedem Besuch unserer Internetseiten werden demnach personenbezogene Daten, einschlie\u00dflich der IP-Adresse des von der betroffenen Person genutzten Internetanschlusses, an Google in den Vereinigten Staaten von Amerika \u00fcbertragen. Diese personenbezogenen Daten werden durch Google in den Vereinigten Staaten von Amerika gespeichert. Google gibt diese \u00fcber das technische Verfahren erhobenen personenbezogenen Daten unter Umst\u00e4nden an Dritte weiter.<\/span><span style=\"font-weight: 400;\"><br \/>\n<\/span><span style=\"font-weight: 400;\">Die betroffene Person kann die Setzung von Cookies durch unsere Internetseite, wie oben bereits dargestellt, jederzeit mittels einer entsprechenden Einstellung des genutzten Internetbrowsers verhindern und damit der Setzung von Cookies dauerhaft widersprechen. Eine solche Einstellung des genutzten Internetbrowsers w\u00fcrde auch verhindern, dass Google einen Conversion-Cookie auf dem informationstechnologischen System der betroffenen Person setzt. Zudem kann ein von Google AdWords bereits gesetzter Cookie jederzeit \u00fcber den Internetbrowser oder andere Softwareprogramme gel\u00f6scht werden.<\/span><span style=\"font-weight: 400;\"><br \/>\n<\/span><span style=\"font-weight: 400;\">Ferner besteht f\u00fcr die betroffene Person die M\u00f6glichkeit, der interessenbezogenen Werbung durch Google zu widersprechen. Hierzu muss die betroffene Person von jedem der von ihr genutzten Internetbrowser aus den Link www.google.de\/settings\/ads aufrufen und dort die gew\u00fcnschten Einstellungen vornehmen.<\/span><span style=\"font-weight: 400;\"><br \/>\n<\/span><span style=\"font-weight: 400;\">Weitere Informationen und die geltenden Datenschutzbestimmungen von Google k\u00f6nnen unter https:\/\/www.google.de\/intl\/de\/policies\/privacy\/ abgerufen werden.<\/span><span style=\"font-weight: 400;\"><br \/>\n<\/span><span style=\"font-weight: 400;\">Rechtsgrundlage der Verarbeitung personenbezogener Daten ist die Regelung in Art. 6 Abs. 1 Buchst. a) der Datenschutz-Grundverordnung, soweit die Gemeinschaftspraxis von der betroffenen Person eine Einwilligung abfragt.<\/span><span style=\"font-weight: 400;\"><br \/>\n<\/span><span style=\"font-weight: 400;\">Ist die Verarbeitung von der betroffenen Person zuzuordnenden personenbezogenen Daten zur Anbahnung, Erf\u00fcllung oder Beendigung eines Vertrages mit dem f\u00fcr die Datenverarbeitung Verantwortlichen erforderlich, so bestimmt sich die Rechtm\u00e4\u00dfigkeit der Verarbeitung nach der Regelung in Art. 6 Abs. 1 Buchst. b) der Datenschutz-Grundverordnung.<\/span><span style=\"font-weight: 400;\"><br \/>\n<\/span><span style=\"font-weight: 400;\">Soweit der f\u00fcr die Datenverarbeitung Verantwortliche einer rechtlichen Verpflichtung unterliegt, durch die eine Verarbeitung personenbezogener Daten erforderlich ist, bestimmt sich die Zul\u00e4ssigkeit der Datenverarbeitung nach der Bestimmung in Art. 6 Abs. 1 Buchst. c) der Datenschutz-Grundverordnung.<\/span><span style=\"font-weight: 400;\"><br \/>\n<\/span><span style=\"font-weight: 400;\">In seltenen F\u00e4llen kann eine Verarbeitung personenbezogener Daten erforderlich werden, um lebenswichtige Interessen der betroffenen Person oder einer anderen nat\u00fcrlichen Person zu sch\u00fctzen. Dies ist z.B. der Fall, wenn dem f\u00fcr die Datenverarbeitung Verantwortlichen eine Verletzung einer betroffenen Person bekannt wird und medizinische Hilfe durch den f\u00fcr die Datenverarbeitung Verantwortlichen herbeigerufen werden muss. In solchen sowie in vergleichbaren F\u00e4llen beruht die Verarbeitung personenbezogener Daten auf der Vorschrift in Art. 6 Abs. 1 Buchst. d) der Datenschutz-Grundverordnung.<\/span><span style=\"font-weight: 400;\"><br \/>\n<\/span><span style=\"font-weight: 400;\">Schlie\u00dflich ist der Gemeinschaftspraxis eine Verarbeitung personenbezogener Daten gem. Art. 6 Abs. 1 Buchst. f) der Datenschutz-Grundverordnung dann gestattet, soweit diese zur Wahrung ihrer berechtigten Interessen sowie derjenigen eines Dritten erforderlich ist und Grundrechte und Grundfreiheiten der betroffenen Person im Hinblick auf die Vertraulichkeit ihr zuzuordnender personenbezogener Daten nicht \u00fcberwiegen. Ein berechtigtes Interesse des f\u00fcr die Datenverarbeitung Verantwortlichen liegt insbesondere dann vor, wenn die Verarbeitung die Durchf\u00fchrung der Gesch\u00e4ftst\u00e4tigkeit zugunsten des Wohlergehens unserer Mitarbeiterinnen und Mitarbeiter, aber auch unserer Anteilseigner zum Ziel hat.<\/span><span style=\"font-weight: 400;\"><br \/>\n<\/span><span style=\"font-weight: 400;\">Die Gemeinschaftspraxis kl\u00e4rt hiermit ausdr\u00fccklich dar\u00fcber auf, dass die Bereitstellung personenbezogener Daten teilweise gesetzlich verpflichtend ist. Dies ist z.B. im Bereich des Steuerrechts der Fall aber auch im Hinblick auf vertragliche Bestimmungen. Ein Vertrag kann mit dem f\u00fcr die Datenverarbeitung Verantwortlichen nur geschlossen werden, wenn die erforderlichen Angaben zum Vertragspartner als betroffener Person vollst\u00e4ndig bereitgestellt werden. Bei Fragen zur Grundlage und zur Erforderlichkeit, ist der f\u00fcr die Datenverarbeitung Verantwortliche auf den oben angegebenen Kommunikationswegen f\u00fcr R\u00fcckfragen zu erreichen.<\/span><\/p>\n<p>&nbsp;<\/p>\n<\/div>\n<\/div><\/div><\/div><\/div><\/div>","protected":false},"excerpt":{"rendered":"<p>Datenschutz Die Zahn\u00e4rztliche Gemeinschaftspraxis Hassanzadeh &amp; Dr. Heckmann, Saarlouis, im Folgenden: Gemeinschaftspraxis &#8211; misst dem Schutz von Nutzern ihres unter www.hahe.de abrufbaren Internetangebots einen hohen Stellenwert bei. Daher ist die Nutzung dieses Internetangebots in der Regel ohne die Angabe personenbezogener Daten m\u00f6glich. Sofern ein Nutzer \u2013 im Folgenden: betroffene Person \u2013 besondere Angebote Gemeinschaftspraxis in &hellip; <a href=\"https:\/\/hahe.de\/index.php\/datenschutzerklaerung\/\" title=\"Datenschutzerkl\u00e4rung\" class=\"read-more\">Read More<\/a><\/p>\n","protected":false},"author":3,"featured_media":0,"parent":0,"menu_order":0,"comment_status":"closed","ping_status":"closed","template":"","meta":[],"_links":{"self":[{"href":"https:\/\/hahe.de\/index.php\/wp-json\/wp\/v2\/pages\/227"}],"collection":[{"href":"https:\/\/hahe.de\/index.php\/wp-json\/wp\/v2\/pages"}],"about":[{"href":"https:\/\/hahe.de\/index.php\/wp-json\/wp\/v2\/types\/page"}],"author":[{"embeddable":true,"href":"https:\/\/hahe.de\/index.php\/wp-json\/wp\/v2\/users\/3"}],"replies":[{"embeddable":true,"href":"https:\/\/hahe.de\/index.php\/wp-json\/wp\/v2\/comments?post=227"}],"version-history":[{"count":2,"href":"https:\/\/hahe.de\/index.php\/wp-json\/wp\/v2\/pages\/227\/revisions"}],"predecessor-version":[{"id":229,"href":"https:\/\/hahe.de\/index.php\/wp-json\/wp\/v2\/pages\/227\/revisions\/229"}],"wp:attachment":[{"href":"https:\/\/hahe.de\/index.php\/wp-json\/wp\/v2\/media?parent=227"}],"curies":[{"name":"wp","href":"https:\/\/api.w.org\/{rel}","templated":true}]}}